{"id":2547,"date":"2015-12-18T21:59:35","date_gmt":"2015-12-18T20:59:35","guid":{"rendered":"http:\/\/www.lyceelecorbusier.eu\/projets\/wp-content\/uploads\/sites\/8\/2015\/12\/diagonale.jpg"},"modified":"2015-12-18T22:20:01","modified_gmt":"2015-12-18T21:20:01","slug":"diagonale","status":"inherit","type":"attachment","link":"https:\/\/www.lyceelecorbusier.eu\/projets\/?attachment_id=2547","title":{"rendered":"Diagonale du vide"},"author":5,"comment_status":"closed","ping_status":"closed","template":"","meta":[],"description":{"rendered":"<p class=\"attachment\"><a href='https:\/\/www.lyceelecorbusier.eu\/projets\/wp-content\/uploads\/sites\/8\/2015\/12\/diagonale.jpg'><img width=\"300\" height=\"167\" src=\"https:\/\/www.lyceelecorbusier.eu\/projets\/wp-content\/uploads\/sites\/8\/2015\/12\/diagonale-300x167.jpg\" class=\"attachment-medium size-medium\" alt=\"\" loading=\"lazy\" srcset=\"https:\/\/www.lyceelecorbusier.eu\/projets\/wp-content\/uploads\/sites\/8\/2015\/12\/diagonale-300x167.jpg 300w, https:\/\/www.lyceelecorbusier.eu\/projets\/wp-content\/uploads\/sites\/8\/2015\/12\/diagonale.jpg 360w\" sizes=\"(max-width: 300px) 100vw, 300px\" \/><\/a><\/p>\n"},"caption":{"rendered":"<p>Diagonale du vide de Hubert Charuel. 2011. 23mn30. Laurent et Gavroche sont deux jeunes de 17 ans. C\u2019est le temps de la d\u00e9brouille, il faut trouver du shit pour le retour du grand fr\u00e8re. Probl\u00e8me, il y a eu une grosse saisie et c\u2019est la p\u00e9nurie dans le quartier.<\/p>\n"},"alt_text":"","media_type":"image","mime_type":"image\/jpeg","media_details":{"width":360,"height":200,"file":"2015\/12\/diagonale.jpg","sizes":{"thumbnail":{"file":"diagonale-150x150.jpg","width":150,"height":150,"mime_type":"image\/jpeg","source_url":"https:\/\/www.lyceelecorbusier.eu\/projets\/wp-content\/uploads\/sites\/8\/2015\/12\/diagonale-150x150.jpg"},"medium":{"file":"diagonale-300x167.jpg","width":300,"height":167,"mime_type":"image\/jpeg","source_url":"https:\/\/www.lyceelecorbusier.eu\/projets\/wp-content\/uploads\/sites\/8\/2015\/12\/diagonale-300x167.jpg"},"full":{"file":"diagonale.jpg","width":360,"height":200,"mime_type":"image\/jpeg","source_url":"https:\/\/www.lyceelecorbusier.eu\/projets\/wp-content\/uploads\/sites\/8\/2015\/12\/diagonale.jpg"}},"image_meta":{"aperture":0,"credit":"","camera":"","caption":"","created_timestamp":0,"copyright":"","focal_length":0,"iso":0,"shutter_speed":0,"title":"","orientation":0,"keywords":[]}},"post":null,"source_url":"https:\/\/www.lyceelecorbusier.eu\/projets\/wp-content\/uploads\/sites\/8\/2015\/12\/diagonale.jpg","_links":{"self":[{"href":"https:\/\/www.lyceelecorbusier.eu\/projets\/index.php?rest_route=\/wp\/v2\/media\/2547"}],"collection":[{"href":"https:\/\/www.lyceelecorbusier.eu\/projets\/index.php?rest_route=\/wp\/v2\/media"}],"about":[{"href":"https:\/\/www.lyceelecorbusier.eu\/projets\/index.php?rest_route=\/wp\/v2\/types\/attachment"}],"author":[{"embeddable":true,"href":"https:\/\/www.lyceelecorbusier.eu\/projets\/index.php?rest_route=\/wp\/v2\/users\/5"}]}}